{"id":17988,"date":"2023-11-02T09:52:51","date_gmt":"2023-11-02T08:52:51","guid":{"rendered":"https:\/\/9staedte.de\/communiques-de-presse\/"},"modified":"2024-03-01T16:40:58","modified_gmt":"2024-03-01T15:40:58","slug":"communiques-de-presse","status":"publish","type":"page","link":"https:\/\/9staedte.de\/fr\/communiques-de-presse\/","title":{"rendered":"Communiqu\u00e9s de presse"},"content":{"rendered":"\n<h2 class=\"wp-block-heading\">Informations de presse des 9 villes + 2 en Basse-Saxe :<\/h2>\n\n\n\n<p><\/p>\n\n\n\r\n\r\n    <div class=\"filter-posts\">\r\n            <div  id=\"filterContent\">\r\n                                                        \n<div class=\"contentKachel filtr-item\" data-category=\"\">\n    <a href=\"https:\/\/9staedte.de\/fr\/communique-de-presse-40-ans-de-9-villes-en-basse-saxe\/\">\n        <div class=\"contentKachel-inner\">\n                            <div class=\"contentKachel-thumbnail\">\n                    <img loading=\"lazy\" decoding=\"async\" width=\"300\" height=\"183\" src=\"https:\/\/9staedte.de\/wp-content\/smush-webp\/2024\/03\/40-Years-9-Cities-neg.eps_-300x183.jpg.webp\" class=\"objectfitcover withfilters wp-post-image\" alt=\"\" srcset=\"https:\/\/9staedte.de\/wp-content\/smush-webp\/2024\/03\/40-Years-9-Cities-neg.eps_-300x183.jpg.webp 300w, https:\/\/9staedte.de\/wp-content\/smush-webp\/2024\/03\/40-Years-9-Cities-neg.eps_-1024x625.jpg.webp 1024w, https:\/\/9staedte.de\/wp-content\/smush-webp\/2024\/03\/40-Years-9-Cities-neg.eps_-768x469.jpg.webp 768w, https:\/\/9staedte.de\/wp-content\/smush-webp\/2024\/03\/40-Years-9-Cities-neg.eps_-1536x937.jpg.webp 1536w, https:\/\/9staedte.de\/wp-content\/smush-webp\/2024\/03\/40-Years-9-Cities-neg.eps_.jpg.webp 1575w\" sizes=\"auto, (max-width: 300px) 100vw, 300px\" \/>                    <img loading=\"lazy\" decoding=\"async\" width=\"300\" height=\"183\" src=\"https:\/\/9staedte.de\/wp-content\/smush-webp\/2024\/03\/40-Years-9-Cities-neg.eps_-300x183.jpg.webp\" class=\"objectfitcontain wp-post-image\" alt=\"\" srcset=\"https:\/\/9staedte.de\/wp-content\/smush-webp\/2024\/03\/40-Years-9-Cities-neg.eps_-300x183.jpg.webp 300w, https:\/\/9staedte.de\/wp-content\/smush-webp\/2024\/03\/40-Years-9-Cities-neg.eps_-1024x625.jpg.webp 1024w, https:\/\/9staedte.de\/wp-content\/smush-webp\/2024\/03\/40-Years-9-Cities-neg.eps_-768x469.jpg.webp 768w, https:\/\/9staedte.de\/wp-content\/smush-webp\/2024\/03\/40-Years-9-Cities-neg.eps_-1536x937.jpg.webp 1536w, https:\/\/9staedte.de\/wp-content\/smush-webp\/2024\/03\/40-Years-9-Cities-neg.eps_.jpg.webp 1575w\" sizes=\"auto, (max-width: 300px) 100vw, 300px\" \/>                                            <\/div>\n                        <div class=\"contentKachel-content\">\n                \n                <div class=\"title\">\n\n                    Communiqu\u00e9 de presse : 40 ans de 9 villes en Basse-Saxe                    \n                <\/div>\n\n                            <\/div>\n\n        <\/div>\n    <\/a>\n<\/div>                                                        \n<div class=\"contentKachel filtr-item\" data-category=\"\">\n    <a href=\"https:\/\/9staedte.de\/fr\/communique-de-presse-historique-vivant-unique\/\">\n        <div class=\"contentKachel-inner\">\n                            <div class=\"contentKachel-thumbnail\">\n                    <img loading=\"lazy\" decoding=\"async\" width=\"300\" height=\"165\" src=\"https:\/\/9staedte.de\/wp-content\/smush-webp\/2023\/06\/Einbeck-Eickesches-Haus-2-c-Daniel-Li-Photography-300x165.jpg.webp\" class=\"objectfitcover withfilters wp-post-image\" alt=\"L\u2019image montre une vieille maison \u00e0 colombages. Il y a beaucoup de sculptures et de figures en bois. Trois personnes en costumes anciens regardent par les fen\u00eatres. En bas, on lit : Tourist-Information-Kulturring. C\u2019est la maison Eickesches Haus \u00e0 Einbeck.\" srcset=\"https:\/\/9staedte.de\/wp-content\/smush-webp\/2023\/06\/Einbeck-Eickesches-Haus-2-c-Daniel-Li-Photography-300x165.jpg.webp 300w, https:\/\/9staedte.de\/wp-content\/smush-webp\/2023\/06\/Einbeck-Eickesches-Haus-2-c-Daniel-Li-Photography-768x422.jpg.webp 768w, https:\/\/9staedte.de\/wp-content\/smush-webp\/2023\/06\/Einbeck-Eickesches-Haus-2-c-Daniel-Li-Photography.jpg.webp 1020w\" sizes=\"auto, (max-width: 300px) 100vw, 300px\" \/>                    <img loading=\"lazy\" decoding=\"async\" width=\"300\" height=\"165\" src=\"https:\/\/9staedte.de\/wp-content\/smush-webp\/2023\/06\/Einbeck-Eickesches-Haus-2-c-Daniel-Li-Photography-300x165.jpg.webp\" class=\"objectfitcontain wp-post-image\" alt=\"L\u2019image montre une vieille maison \u00e0 colombages. Il y a beaucoup de sculptures et de figures en bois. Trois personnes en costumes anciens regardent par les fen\u00eatres. En bas, on lit : Tourist-Information-Kulturring. C\u2019est la maison Eickesches Haus \u00e0 Einbeck.\" srcset=\"https:\/\/9staedte.de\/wp-content\/smush-webp\/2023\/06\/Einbeck-Eickesches-Haus-2-c-Daniel-Li-Photography-300x165.jpg.webp 300w, https:\/\/9staedte.de\/wp-content\/smush-webp\/2023\/06\/Einbeck-Eickesches-Haus-2-c-Daniel-Li-Photography-768x422.jpg.webp 768w, https:\/\/9staedte.de\/wp-content\/smush-webp\/2023\/06\/Einbeck-Eickesches-Haus-2-c-Daniel-Li-Photography.jpg.webp 1020w\" sizes=\"auto, (max-width: 300px) 100vw, 300px\" \/>                        <div class=\"thumbnail-label\">\n    <span>Einbeck Eickesches Haus 2 c) Daniel Li Photography<\/span>\n    <\/div>\n                <\/div>\n                        <div class=\"contentKachel-content\">\n                \n                <div class=\"title\">\n\n                    Communiqu\u00e9 de presse : Historique, vivant, unique                    \n                <\/div>\n\n                            <\/div>\n\n        <\/div>\n    <\/a>\n<\/div>                                                        \n<div class=\"contentKachel filtr-item\" data-category=\"\">\n    <a href=\"https:\/\/9staedte.de\/fr\/communique-de-presse-la-magie-de-lhiver\/\">\n        <div class=\"contentKachel-inner\">\n                            <div class=\"contentKachel-thumbnail\">\n                    <img loading=\"lazy\" decoding=\"async\" width=\"300\" height=\"165\" src=\"https:\/\/9staedte.de\/wp-content\/smush-webp\/2023\/02\/Weihnachtsmarkt-Hannover-c-Lars-Gerhardts-300x165.jpg.webp\" class=\"objectfitcover withfilters wp-post-image\" alt=\"L\u2019image montre le march\u00e9 de No\u00ebl dans la vieille ville de Hanovre. Beaucoup de gens se prom\u00e8nent dans la rue. Les maisons \u00e0 colombages sont joliment \u00e9clair\u00e9es. Des sapins et des lumi\u00e8res d\u00e9corent la rue. L\u2019ambiance est paisible et festive.\" srcset=\"https:\/\/9staedte.de\/wp-content\/smush-webp\/2023\/02\/Weihnachtsmarkt-Hannover-c-Lars-Gerhardts-300x165.jpg.webp 300w, https:\/\/9staedte.de\/wp-content\/smush-webp\/2023\/02\/Weihnachtsmarkt-Hannover-c-Lars-Gerhardts-768x422.jpg.webp 768w, https:\/\/9staedte.de\/wp-content\/smush-webp\/2023\/02\/Weihnachtsmarkt-Hannover-c-Lars-Gerhardts.jpg.webp 1020w\" sizes=\"auto, (max-width: 300px) 100vw, 300px\" \/>                    <img loading=\"lazy\" decoding=\"async\" width=\"300\" height=\"165\" src=\"https:\/\/9staedte.de\/wp-content\/smush-webp\/2023\/02\/Weihnachtsmarkt-Hannover-c-Lars-Gerhardts-300x165.jpg.webp\" class=\"objectfitcontain wp-post-image\" alt=\"L\u2019image montre le march\u00e9 de No\u00ebl dans la vieille ville de Hanovre. Beaucoup de gens se prom\u00e8nent dans la rue. Les maisons \u00e0 colombages sont joliment \u00e9clair\u00e9es. Des sapins et des lumi\u00e8res d\u00e9corent la rue. L\u2019ambiance est paisible et festive.\" srcset=\"https:\/\/9staedte.de\/wp-content\/smush-webp\/2023\/02\/Weihnachtsmarkt-Hannover-c-Lars-Gerhardts-300x165.jpg.webp 300w, https:\/\/9staedte.de\/wp-content\/smush-webp\/2023\/02\/Weihnachtsmarkt-Hannover-c-Lars-Gerhardts-768x422.jpg.webp 768w, https:\/\/9staedte.de\/wp-content\/smush-webp\/2023\/02\/Weihnachtsmarkt-Hannover-c-Lars-Gerhardts.jpg.webp 1020w\" sizes=\"auto, (max-width: 300px) 100vw, 300px\" \/>                        <div class=\"thumbnail-label\">\n    <span>Weihnachtsmarkt Hannover c) Lars Gerhardts<\/span>\n    <\/div>\n                <\/div>\n                        <div class=\"contentKachel-content\">\n                \n                <div class=\"title\">\n\n                    Communiqu\u00e9 de presse : La magie de l&rsquo;hiver                    \n                <\/div>\n\n                            <\/div>\n\n        <\/div>\n    <\/a>\n<\/div>                                            <\/div>\r\n    <\/div>\r\n\n\n\n<p><strong>Contact presse :<\/strong><br>9 villes + 2 en Basse-Saxe<br>Petra Sievers<br>Hannover Marketing und Tourismus GmbH<br>7, rue Vahrenwalder<br>30165 Hanovre<br>T\u00e9l. : +49 (0)511 16849746<br>9cities@hannover-tourismus.de<\/p>\n\n\n\n<figure class=\"wp-block-gallery has-nested-images columns-default is-cropped wp-block-gallery-1 is-layout-flex wp-block-gallery-is-layout-flex\">\n<figure class=\"wp-block-image size-large\"><img loading=\"lazy\" decoding=\"async\" width=\"1020\" height=\"558\" data-id=\"3760\" src=\"https:\/\/9staedte.de\/wp-content\/smush-webp\/2022\/03\/Burgplatz-c-Braunschweig-Stadtmarketing-Gerald-Grote.jpg.webp\" alt=\"Burgplatz c) Braunschweig Stadtmarketing Gerald Grote\" class=\"wp-image-3760\" srcset=\"https:\/\/9staedte.de\/wp-content\/smush-webp\/2022\/03\/Burgplatz-c-Braunschweig-Stadtmarketing-Gerald-Grote.jpg.webp 1020w, https:\/\/9staedte.de\/wp-content\/smush-webp\/2022\/03\/Burgplatz-c-Braunschweig-Stadtmarketing-Gerald-Grote-300x164.jpg.webp 300w, https:\/\/9staedte.de\/wp-content\/smush-webp\/2022\/03\/Burgplatz-c-Braunschweig-Stadtmarketing-Gerald-Grote-768x420.jpg.webp 768w\" sizes=\"auto, (max-width: 1020px) 100vw, 1020px\" \/><figcaption class=\"wp-element-caption\">Burgplatz c) Braunschweig Stadtmarketing Gerald Grote<\/figcaption><\/figure>\n\n\n\n<figure class=\"wp-block-image size-large\"><img loading=\"lazy\" decoding=\"async\" width=\"1020\" height=\"558\" data-id=\"2908\" src=\"https:\/\/9staedte.de\/wp-content\/smush-webp\/2023\/01\/Celle-Zoellnerstrasse-c-Celle-Tourismus.jpg.webp\" alt=\"Celle Zoellnerstra\u00dfe c) Tourisme de Celle\" class=\"wp-image-2908\" srcset=\"https:\/\/9staedte.de\/wp-content\/smush-webp\/2023\/01\/Celle-Zoellnerstrasse-c-Celle-Tourismus.jpg.webp 1020w, https:\/\/9staedte.de\/wp-content\/smush-webp\/2023\/01\/Celle-Zoellnerstrasse-c-Celle-Tourismus-300x164.jpg.webp 300w, https:\/\/9staedte.de\/wp-content\/smush-webp\/2023\/01\/Celle-Zoellnerstrasse-c-Celle-Tourismus-768x420.jpg.webp 768w\" sizes=\"auto, (max-width: 1020px) 100vw, 1020px\" \/><figcaption class=\"wp-element-caption\">Celle Zoellnerstra\u00dfe c) Tourisme de Celle<\/figcaption><\/figure>\n\n\n\n<figure class=\"wp-block-image size-large\"><img decoding=\"async\" data-id=\"5230\" src=\"https:\/\/9staedte.de\/wp-content\/uploads\/2023\/05\/Bierchen-vor-dem-Brodhaus-Einbeck-%C2%A9Daniel-Li-Photography.jpg\" alt=\"Une petite bi\u00e8re devant la Brodhaus - Einbeck - \u00a9Daniel Li Photography\" class=\"wp-image-5230\"\/><figcaption class=\"wp-element-caption\">EInbeck Bi\u00e8re devant la Brodhaus &#8211; Einbeck &#8211; \u00a9Daniel Li Photography<\/figcaption><\/figure>\n\n\n\n<figure class=\"wp-block-image size-large\"><img loading=\"lazy\" decoding=\"async\" width=\"1020\" height=\"560\" data-id=\"6595\" src=\"https:\/\/9staedte.de\/wp-content\/smush-webp\/2023\/06\/Goettingen-Gaenseliesel-c-Lars-Gerhardts.jpg.webp\" alt=\"\" class=\"wp-image-6595\" srcset=\"https:\/\/9staedte.de\/wp-content\/smush-webp\/2023\/06\/Goettingen-Gaenseliesel-c-Lars-Gerhardts.jpg.webp 1020w, https:\/\/9staedte.de\/wp-content\/smush-webp\/2023\/06\/Goettingen-Gaenseliesel-c-Lars-Gerhardts-300x165.jpg.webp 300w, https:\/\/9staedte.de\/wp-content\/smush-webp\/2023\/06\/Goettingen-Gaenseliesel-c-Lars-Gerhardts-768x422.jpg.webp 768w\" sizes=\"auto, (max-width: 1020px) 100vw, 1020px\" \/><figcaption class=\"wp-element-caption\">G\u00f6ttingen G\u00e4nseliesel c) Lars Gerhardts<\/figcaption><\/figure>\n\n\n\n<figure class=\"wp-block-image size-large\"><img loading=\"lazy\" decoding=\"async\" width=\"1019\" height=\"560\" data-id=\"3095\" src=\"https:\/\/9staedte.de\/wp-content\/smush-webp\/2023\/02\/Goslar-Abendstimmung_GOSLAR-marketing-gmbh_MichaelAbid.jpg.webp\" alt=\"Goslar ambiance du soir_GOSLAR marketing gmbh_MichaelAbid\" class=\"wp-image-3095\" srcset=\"https:\/\/9staedte.de\/wp-content\/smush-webp\/2023\/02\/Goslar-Abendstimmung_GOSLAR-marketing-gmbh_MichaelAbid.jpg.webp 1019w, https:\/\/9staedte.de\/wp-content\/smush-webp\/2023\/02\/Goslar-Abendstimmung_GOSLAR-marketing-gmbh_MichaelAbid-300x165.jpg.webp 300w, https:\/\/9staedte.de\/wp-content\/smush-webp\/2023\/02\/Goslar-Abendstimmung_GOSLAR-marketing-gmbh_MichaelAbid-768x422.jpg.webp 768w\" sizes=\"auto, (max-width: 1019px) 100vw, 1019px\" \/><figcaption class=\"wp-element-caption\">Goslar ambiance du soir_GOSLAR marketing gmbh_MichaelAbid<\/figcaption><\/figure>\n\n\n\n<figure class=\"wp-block-image size-large\"><img loading=\"lazy\" decoding=\"async\" width=\"1024\" height=\"683\" data-id=\"408\" src=\"https:\/\/9staedte.de\/wp-content\/smush-webp\/2022\/03\/Der_Rattenaenger_-_an_der_Weser-1024x683.jpg.webp\" alt=\"Le joueur de fl\u00fbte sur la Weser\" class=\"wp-image-408\" srcset=\"https:\/\/9staedte.de\/wp-content\/smush-webp\/2022\/03\/Der_Rattenaenger_-_an_der_Weser-1024x683.jpg.webp 1024w, https:\/\/9staedte.de\/wp-content\/smush-webp\/2022\/03\/Der_Rattenaenger_-_an_der_Weser-300x200.jpg.webp 300w, https:\/\/9staedte.de\/wp-content\/smush-webp\/2022\/03\/Der_Rattenaenger_-_an_der_Weser-768x512.jpg.webp 768w, https:\/\/9staedte.de\/wp-content\/smush-webp\/2022\/03\/Der_Rattenaenger_-_an_der_Weser-1536x1024.jpg.webp 1536w, https:\/\/9staedte.de\/wp-content\/smush-webp\/2022\/03\/Der_Rattenaenger_-_an_der_Weser-2048x1365.jpg.webp 2048w, https:\/\/9staedte.de\/wp-content\/smush-webp\/2022\/03\/Der_Rattenaenger_-_an_der_Weser-scaled.jpg.webp 1200w\" sizes=\"auto, (max-width: 1024px) 100vw, 1024px\" \/><figcaption class=\"wp-element-caption\">Le joueur de fl\u00fbte \u00e0 Hamelin c) Hamelin Marketing und Tourismus GmbH<\/figcaption><\/figure>\n\n\n\n<figure class=\"wp-block-image size-large\"><img loading=\"lazy\" decoding=\"async\" width=\"1020\" height=\"560\" data-id=\"3424\" src=\"https:\/\/9staedte.de\/wp-content\/smush-webp\/2023\/02\/Grosser-Garten-Herrenhausen-c-HMTG-Patrick-Graf.jpg.webp\" alt=\"\" class=\"wp-image-3424\" srcset=\"https:\/\/9staedte.de\/wp-content\/smush-webp\/2023\/02\/Grosser-Garten-Herrenhausen-c-HMTG-Patrick-Graf.jpg.webp 1020w, https:\/\/9staedte.de\/wp-content\/smush-webp\/2023\/02\/Grosser-Garten-Herrenhausen-c-HMTG-Patrick-Graf-300x165.jpg.webp 300w, https:\/\/9staedte.de\/wp-content\/smush-webp\/2023\/02\/Grosser-Garten-Herrenhausen-c-HMTG-Patrick-Graf-768x422.jpg.webp 768w\" sizes=\"auto, (max-width: 1020px) 100vw, 1020px\" \/><figcaption class=\"wp-element-caption\">Hanovre Jardins de Herrenhausen avec illumination<\/figcaption><\/figure>\n\n\n\n<figure class=\"wp-block-image size-large\"><img loading=\"lazy\" decoding=\"async\" width=\"1020\" height=\"560\" data-id=\"6597\" src=\"https:\/\/9staedte.de\/wp-content\/smush-webp\/2023\/06\/UNESCO-Welterbe-Dom-Foto-Max-Wiesenbach-CCBY.jpg.webp\" alt=\"\" class=\"wp-image-6597\" srcset=\"https:\/\/9staedte.de\/wp-content\/smush-webp\/2023\/06\/UNESCO-Welterbe-Dom-Foto-Max-Wiesenbach-CCBY.jpg.webp 1020w, https:\/\/9staedte.de\/wp-content\/smush-webp\/2023\/06\/UNESCO-Welterbe-Dom-Foto-Max-Wiesenbach-CCBY-300x165.jpg.webp 300w, https:\/\/9staedte.de\/wp-content\/smush-webp\/2023\/06\/UNESCO-Welterbe-Dom-Foto-Max-Wiesenbach-CCBY-768x422.jpg.webp 768w\" sizes=\"auto, (max-width: 1020px) 100vw, 1020px\" \/><figcaption class=\"wp-element-caption\">Cath\u00e9drale du patrimoine mondial de l&rsquo;UNESCO c) Max Wiesenbach  <\/figcaption><\/figure>\n\n\n\n<figure class=\"wp-block-image size-large\"><img loading=\"lazy\" decoding=\"async\" width=\"1020\" height=\"560\" data-id=\"6549\" src=\"https:\/\/9staedte.de\/wp-content\/smush-webp\/2023\/06\/Wolfenbuettel-Kleiner-Zimmerhof-c-Stadt-Wolfenbuettel-Christian-Bierwagen.jpg.webp\" alt=\"Wolfenbuettel Kleiner Zimmerhof c) Ville de Wolfenb\u00fcttel Christian Bierwagen\" class=\"wp-image-6549\" srcset=\"https:\/\/9staedte.de\/wp-content\/smush-webp\/2023\/06\/Wolfenbuettel-Kleiner-Zimmerhof-c-Stadt-Wolfenbuettel-Christian-Bierwagen.jpg.webp 1020w, https:\/\/9staedte.de\/wp-content\/smush-webp\/2023\/06\/Wolfenbuettel-Kleiner-Zimmerhof-c-Stadt-Wolfenbuettel-Christian-Bierwagen-300x165.jpg.webp 300w, https:\/\/9staedte.de\/wp-content\/smush-webp\/2023\/06\/Wolfenbuettel-Kleiner-Zimmerhof-c-Stadt-Wolfenbuettel-Christian-Bierwagen-768x422.jpg.webp 768w\" sizes=\"auto, (max-width: 1020px) 100vw, 1020px\" \/><figcaption class=\"wp-element-caption\">Wolfenbuettel Kleiner Zimmerhof c) Ville de Wolfenb\u00fcttel Christian Bierwagen<\/figcaption><\/figure>\n\n\n\n<figure class=\"wp-block-image size-large\"><img loading=\"lazy\" decoding=\"async\" width=\"1020\" height=\"560\" data-id=\"2770\" src=\"https:\/\/9staedte.de\/wp-content\/smush-webp\/2023\/01\/Autostadt-Uebersicht-c-Autostadt-GmbH-Nils-Hendrick-Mueller.jpg.webp\" alt=\"Autostadt Aper\u00e7u c) Autostadt GmbH Nils Hendrick M\u00fcller\" class=\"wp-image-2770\" srcset=\"https:\/\/9staedte.de\/wp-content\/smush-webp\/2023\/01\/Autostadt-Uebersicht-c-Autostadt-GmbH-Nils-Hendrick-Mueller.jpg.webp 1020w, https:\/\/9staedte.de\/wp-content\/smush-webp\/2023\/01\/Autostadt-Uebersicht-c-Autostadt-GmbH-Nils-Hendrick-Mueller-300x165.jpg.webp 300w, https:\/\/9staedte.de\/wp-content\/smush-webp\/2023\/01\/Autostadt-Uebersicht-c-Autostadt-GmbH-Nils-Hendrick-Mueller-768x422.jpg.webp 768w\" sizes=\"auto, (max-width: 1020px) 100vw, 1020px\" \/><figcaption class=\"wp-element-caption\">Autostadt Aper\u00e7u c) Autostadt GmbH Nils Hendrick M\u00fcller<\/figcaption><\/figure>\n\n\n\n<figure class=\"wp-block-image size-large\"><img loading=\"lazy\" decoding=\"async\" width=\"1020\" height=\"560\" data-id=\"6337\" src=\"https:\/\/9staedte.de\/wp-content\/smush-webp\/2023\/06\/Hannover-Airport-c-Michael-Thomas.jpg.webp\" alt=\"Vue a\u00e9rienne de l'a\u00e9roport de Hanovre ( Photo\/ Michael Thomas )\" class=\"wp-image-6337\" srcset=\"https:\/\/9staedte.de\/wp-content\/smush-webp\/2023\/06\/Hannover-Airport-c-Michael-Thomas.jpg.webp 1020w, https:\/\/9staedte.de\/wp-content\/smush-webp\/2023\/06\/Hannover-Airport-c-Michael-Thomas-300x165.jpg.webp 300w, https:\/\/9staedte.de\/wp-content\/smush-webp\/2023\/06\/Hannover-Airport-c-Michael-Thomas-768x422.jpg.webp 768w\" sizes=\"auto, (max-width: 1020px) 100vw, 1020px\" \/><figcaption class=\"wp-element-caption\">Vue a\u00e9rienne de l&rsquo;a\u00e9roport d&rsquo;Hanovre  \n( Photo\/ Michael Thomas )<\/figcaption><\/figure>\n<\/figure>\n\n\n\n<p><\/p>\n","protected":false},"excerpt":{"rendered":"<p>Informations de presse des 9 villes + 2 en Basse-Saxe : Contact presse :9 villes + 2 en Basse-SaxePetra SieversHannover Marketing und Tourismus GmbH7, rue Vahrenwalder30165 HanovreT\u00e9l. : +49 (0)511 168497469cities@hannover-tourismus.de<\/p>\n","protected":false},"author":1,"featured_media":0,"parent":0,"menu_order":0,"comment_status":"closed","ping_status":"closed","template":"","meta":{"_acf_changed":false,"footnotes":""},"categories":[],"tags":[],"ncap_cities_tax":[],"class_list":["post-17988","page","type-page","status-publish","hentry"],"acf":[],"yoast_head":"<!-- This site is optimized with the Yoast SEO plugin v27.4 - https:\/\/yoast.com\/product\/yoast-seo-wordpress\/ -->\n<title>Communiqu\u00e9s de presse - 9 St\u00e4dte in Niedersachsen<\/title>\n<meta name=\"robots\" content=\"index, follow, max-snippet:-1, max-image-preview:large, max-video-preview:-1\" \/>\n<link rel=\"canonical\" href=\"https:\/\/9staedte.de\/fr\/communiques-de-presse\/\" \/>\n<meta property=\"og:locale\" content=\"fr_FR\" \/>\n<meta property=\"og:type\" content=\"article\" \/>\n<meta property=\"og:title\" content=\"Communiqu\u00e9s de presse - 9 St\u00e4dte in Niedersachsen\" \/>\n<meta property=\"og:description\" content=\"Informations de presse des 9 villes + 2 en Basse-Saxe : Contact presse :9 villes + 2 en Basse-SaxePetra SieversHannover Marketing und Tourismus GmbH7, rue Vahrenwalder30165 HanovreT\u00e9l. : +49 (0)511 168497469cities@hannover-tourismus.de\" \/>\n<meta property=\"og:url\" content=\"https:\/\/9staedte.de\/fr\/communiques-de-presse\/\" \/>\n<meta property=\"og:site_name\" content=\"9 St\u00e4dte in Niedersachsen\" \/>\n<meta property=\"article:modified_time\" content=\"2024-03-01T15:40:58+00:00\" \/>\n<meta property=\"og:image\" content=\"https:\/\/9staedte.de\/wp-content\/uploads\/2022\/03\/Burgplatz-c-Braunschweig-Stadtmarketing-Gerald-Grote.jpg\" \/>\n<meta name=\"twitter:card\" content=\"summary_large_image\" \/>\n<meta name=\"twitter:label1\" content=\"Dur\u00e9e de lecture estim\u00e9e\" \/>\n\t<meta name=\"twitter:data1\" content=\"3 minutes\" \/>\n<script type=\"application\/ld+json\" class=\"yoast-schema-graph\">{\"@context\":\"https:\\\/\\\/schema.org\",\"@graph\":[{\"@type\":\"WebPage\",\"@id\":\"https:\\\/\\\/9staedte.de\\\/fr\\\/communiques-de-presse\\\/\",\"url\":\"https:\\\/\\\/9staedte.de\\\/fr\\\/communiques-de-presse\\\/\",\"name\":\"Communiqu\u00e9s de presse - 9 St\u00e4dte in Niedersachsen\",\"isPartOf\":{\"@id\":\"https:\\\/\\\/9staedte.de\\\/fr\\\/#website\"},\"primaryImageOfPage\":{\"@id\":\"https:\\\/\\\/9staedte.de\\\/fr\\\/communiques-de-presse\\\/#primaryimage\"},\"image\":{\"@id\":\"https:\\\/\\\/9staedte.de\\\/fr\\\/communiques-de-presse\\\/#primaryimage\"},\"thumbnailUrl\":\"https:\\\/\\\/9staedte.de\\\/wp-content\\\/uploads\\\/2022\\\/03\\\/Burgplatz-c-Braunschweig-Stadtmarketing-Gerald-Grote.jpg\",\"datePublished\":\"2023-11-02T08:52:51+00:00\",\"dateModified\":\"2024-03-01T15:40:58+00:00\",\"breadcrumb\":{\"@id\":\"https:\\\/\\\/9staedte.de\\\/fr\\\/communiques-de-presse\\\/#breadcrumb\"},\"inLanguage\":\"fr-FR\",\"potentialAction\":[{\"@type\":\"ReadAction\",\"target\":[\"https:\\\/\\\/9staedte.de\\\/fr\\\/communiques-de-presse\\\/\"]}]},{\"@type\":\"ImageObject\",\"inLanguage\":\"fr-FR\",\"@id\":\"https:\\\/\\\/9staedte.de\\\/fr\\\/communiques-de-presse\\\/#primaryimage\",\"url\":\"https:\\\/\\\/9staedte.de\\\/wp-content\\\/uploads\\\/2022\\\/03\\\/Burgplatz-c-Braunschweig-Stadtmarketing-Gerald-Grote.jpg\",\"contentUrl\":\"https:\\\/\\\/9staedte.de\\\/wp-content\\\/uploads\\\/2022\\\/03\\\/Burgplatz-c-Braunschweig-Stadtmarketing-Gerald-Grote.jpg\"},{\"@type\":\"BreadcrumbList\",\"@id\":\"https:\\\/\\\/9staedte.de\\\/fr\\\/communiques-de-presse\\\/#breadcrumb\",\"itemListElement\":[{\"@type\":\"ListItem\",\"position\":1,\"name\":\"Startseite\",\"item\":\"https:\\\/\\\/9staedte.de\\\/fr\\\/\"},{\"@type\":\"ListItem\",\"position\":2,\"name\":\"Communiqu\u00e9s de presse\"}]},{\"@type\":\"WebSite\",\"@id\":\"https:\\\/\\\/9staedte.de\\\/fr\\\/#website\",\"url\":\"https:\\\/\\\/9staedte.de\\\/fr\\\/\",\"name\":\"9 St\u00e4dte in Niedersachsen\",\"description\":\"\",\"publisher\":{\"@id\":\"https:\\\/\\\/9staedte.de\\\/fr\\\/#organization\"},\"potentialAction\":[{\"@type\":\"SearchAction\",\"target\":{\"@type\":\"EntryPoint\",\"urlTemplate\":\"https:\\\/\\\/9staedte.de\\\/fr\\\/?s={search_term_string}\"},\"query-input\":{\"@type\":\"PropertyValueSpecification\",\"valueRequired\":true,\"valueName\":\"search_term_string\"}}],\"inLanguage\":\"fr-FR\"},{\"@type\":\"Organization\",\"@id\":\"https:\\\/\\\/9staedte.de\\\/fr\\\/#organization\",\"name\":\"9 St\u00e4dte in Niedersachsen\",\"url\":\"https:\\\/\\\/9staedte.de\\\/fr\\\/\",\"logo\":{\"@type\":\"ImageObject\",\"inLanguage\":\"fr-FR\",\"@id\":\"https:\\\/\\\/9staedte.de\\\/fr\\\/#\\\/schema\\\/logo\\\/image\\\/\",\"url\":\"https:\\\/\\\/9staedte.de\\\/wp-content\\\/uploads\\\/2025\\\/01\\\/9-neg-deutsch-2-1.png\",\"contentUrl\":\"https:\\\/\\\/9staedte.de\\\/wp-content\\\/uploads\\\/2025\\\/01\\\/9-neg-deutsch-2-1.png\",\"width\":190,\"height\":114,\"caption\":\"9 St\u00e4dte in Niedersachsen\"},\"image\":{\"@id\":\"https:\\\/\\\/9staedte.de\\\/fr\\\/#\\\/schema\\\/logo\\\/image\\\/\"}}]}<\/script>\n<!-- \/ Yoast SEO plugin. -->","yoast_head_json":{"title":"Communiqu\u00e9s de presse - 9 St\u00e4dte in Niedersachsen","robots":{"index":"index","follow":"follow","max-snippet":"max-snippet:-1","max-image-preview":"max-image-preview:large","max-video-preview":"max-video-preview:-1"},"canonical":"https:\/\/9staedte.de\/fr\/communiques-de-presse\/","og_locale":"fr_FR","og_type":"article","og_title":"Communiqu\u00e9s de presse - 9 St\u00e4dte in Niedersachsen","og_description":"Informations de presse des 9 villes + 2 en Basse-Saxe : Contact presse :9 villes + 2 en Basse-SaxePetra SieversHannover Marketing und Tourismus GmbH7, rue Vahrenwalder30165 HanovreT\u00e9l. : +49 (0)511 168497469cities@hannover-tourismus.de","og_url":"https:\/\/9staedte.de\/fr\/communiques-de-presse\/","og_site_name":"9 St\u00e4dte in Niedersachsen","article_modified_time":"2024-03-01T15:40:58+00:00","og_image":[{"url":"https:\/\/9staedte.de\/wp-content\/uploads\/2022\/03\/Burgplatz-c-Braunschweig-Stadtmarketing-Gerald-Grote.jpg","type":"","width":"","height":""}],"twitter_card":"summary_large_image","twitter_misc":{"Dur\u00e9e de lecture estim\u00e9e":"3 minutes"},"schema":{"@context":"https:\/\/schema.org","@graph":[{"@type":"WebPage","@id":"https:\/\/9staedte.de\/fr\/communiques-de-presse\/","url":"https:\/\/9staedte.de\/fr\/communiques-de-presse\/","name":"Communiqu\u00e9s de presse - 9 St\u00e4dte in Niedersachsen","isPartOf":{"@id":"https:\/\/9staedte.de\/fr\/#website"},"primaryImageOfPage":{"@id":"https:\/\/9staedte.de\/fr\/communiques-de-presse\/#primaryimage"},"image":{"@id":"https:\/\/9staedte.de\/fr\/communiques-de-presse\/#primaryimage"},"thumbnailUrl":"https:\/\/9staedte.de\/wp-content\/uploads\/2022\/03\/Burgplatz-c-Braunschweig-Stadtmarketing-Gerald-Grote.jpg","datePublished":"2023-11-02T08:52:51+00:00","dateModified":"2024-03-01T15:40:58+00:00","breadcrumb":{"@id":"https:\/\/9staedte.de\/fr\/communiques-de-presse\/#breadcrumb"},"inLanguage":"fr-FR","potentialAction":[{"@type":"ReadAction","target":["https:\/\/9staedte.de\/fr\/communiques-de-presse\/"]}]},{"@type":"ImageObject","inLanguage":"fr-FR","@id":"https:\/\/9staedte.de\/fr\/communiques-de-presse\/#primaryimage","url":"https:\/\/9staedte.de\/wp-content\/uploads\/2022\/03\/Burgplatz-c-Braunschweig-Stadtmarketing-Gerald-Grote.jpg","contentUrl":"https:\/\/9staedte.de\/wp-content\/uploads\/2022\/03\/Burgplatz-c-Braunschweig-Stadtmarketing-Gerald-Grote.jpg"},{"@type":"BreadcrumbList","@id":"https:\/\/9staedte.de\/fr\/communiques-de-presse\/#breadcrumb","itemListElement":[{"@type":"ListItem","position":1,"name":"Startseite","item":"https:\/\/9staedte.de\/fr\/"},{"@type":"ListItem","position":2,"name":"Communiqu\u00e9s de presse"}]},{"@type":"WebSite","@id":"https:\/\/9staedte.de\/fr\/#website","url":"https:\/\/9staedte.de\/fr\/","name":"9 St\u00e4dte in Niedersachsen","description":"","publisher":{"@id":"https:\/\/9staedte.de\/fr\/#organization"},"potentialAction":[{"@type":"SearchAction","target":{"@type":"EntryPoint","urlTemplate":"https:\/\/9staedte.de\/fr\/?s={search_term_string}"},"query-input":{"@type":"PropertyValueSpecification","valueRequired":true,"valueName":"search_term_string"}}],"inLanguage":"fr-FR"},{"@type":"Organization","@id":"https:\/\/9staedte.de\/fr\/#organization","name":"9 St\u00e4dte in Niedersachsen","url":"https:\/\/9staedte.de\/fr\/","logo":{"@type":"ImageObject","inLanguage":"fr-FR","@id":"https:\/\/9staedte.de\/fr\/#\/schema\/logo\/image\/","url":"https:\/\/9staedte.de\/wp-content\/uploads\/2025\/01\/9-neg-deutsch-2-1.png","contentUrl":"https:\/\/9staedte.de\/wp-content\/uploads\/2025\/01\/9-neg-deutsch-2-1.png","width":190,"height":114,"caption":"9 St\u00e4dte in Niedersachsen"},"image":{"@id":"https:\/\/9staedte.de\/fr\/#\/schema\/logo\/image\/"}}]}},"_links":{"self":[{"href":"https:\/\/9staedte.de\/fr\/wp-json\/wp\/v2\/pages\/17988","targetHints":{"allow":["GET"]}}],"collection":[{"href":"https:\/\/9staedte.de\/fr\/wp-json\/wp\/v2\/pages"}],"about":[{"href":"https:\/\/9staedte.de\/fr\/wp-json\/wp\/v2\/types\/page"}],"author":[{"embeddable":true,"href":"https:\/\/9staedte.de\/fr\/wp-json\/wp\/v2\/users\/1"}],"replies":[{"embeddable":true,"href":"https:\/\/9staedte.de\/fr\/wp-json\/wp\/v2\/comments?post=17988"}],"version-history":[{"count":2,"href":"https:\/\/9staedte.de\/fr\/wp-json\/wp\/v2\/pages\/17988\/revisions"}],"predecessor-version":[{"id":21379,"href":"https:\/\/9staedte.de\/fr\/wp-json\/wp\/v2\/pages\/17988\/revisions\/21379"}],"wp:attachment":[{"href":"https:\/\/9staedte.de\/fr\/wp-json\/wp\/v2\/media?parent=17988"}],"wp:term":[{"taxonomy":"category","embeddable":true,"href":"https:\/\/9staedte.de\/fr\/wp-json\/wp\/v2\/categories?post=17988"},{"taxonomy":"post_tag","embeddable":true,"href":"https:\/\/9staedte.de\/fr\/wp-json\/wp\/v2\/tags?post=17988"},{"taxonomy":"ncap_cities_tax","embeddable":true,"href":"https:\/\/9staedte.de\/fr\/wp-json\/wp\/v2\/ncap_cities_tax?post=17988"}],"curies":[{"name":"wp","href":"https:\/\/api.w.org\/{rel}","templated":true}]}}