{"id":12195,"date":"2023-10-25T12:29:24","date_gmt":"2023-10-25T10:29:24","guid":{"rendered":"https:\/\/9staedte.de\/konferencer-og-kongresser-i-wolfenbuettel\/"},"modified":"2023-10-25T15:47:08","modified_gmt":"2023-10-25T13:47:08","slug":"konferencer-og-kongresser-i-wolfenbuettel","status":"publish","type":"page","link":"https:\/\/9staedte.de\/da\/wolfenbuettel-lessings-by\/konferencer-og-kongresser-i-wolfenbuettel\/","title":{"rendered":"Konferencer og kongresser i Wolfenb\u00fcttel"},"content":{"rendered":"\n<p><strong>Konferencer og kongresser i Wolfenb\u00fcttel:&nbsp;<\/strong><\/p>\n\n\n\n<p>Det rigtige sted med en behagelig atmosf\u00e6re spiller en meget vigtig rolle for en konferences eller kongres&#8217; succes. Wolfenb\u00fcttel tilbyder dig ikke kun klassiske konferencelokaler, men ogs\u00e5 us\u00e6dvanlige beliggenheder. Uanset om det er for 10 eller 800 personer, er dit konferencearrangement i de bedste h\u00e6nder hos os. Vores lokationer ligger centralt i Wolfenb\u00fcttel og er let tilg\u00e6ngelige via BAB 395, Braunschweig baneg\u00e5rd med ICE-forbindelse og Hannover lufthavn, som kun ligger 60 minutter v\u00e6k.<\/p>\n\n\n\n<p>M\u00f8d os, og du vil endelig f\u00f8le dig hjemme!<\/p>\n\n\n\n<div class=\"content-grid\">\n\n\n  \n  <div class=\"grid\">\n                        \n                    \n          <div class=\"featured-themen-single\">\n            <div class=\"featured-themen-single-inner\" style=\"background-image: url('https:\/\/9staedte.de\/wp-content\/smush-webp\/2023\/03\/Lindenhalle-c-Susanne-Huebner.jpg.webp')\">\n              \n              <a href=\"https:\/\/9staedte.de\/tips-fur-ihre-veranstaltung-in-wolfenbuttel\/\">\n                <span>Tipps f\u00fcr Ihre Veranstaltung in Wolfenb\u00fcttel<\/span>\n              <\/a>\n            <\/div>\n          <\/div>\n    \n          \n                  \n                    \n          <div class=\"featured-themen-single\">\n            <div class=\"featured-themen-single-inner\" style=\"background-image: url('https:\/\/9staedte.de\/wp-content\/smush-webp\/2023\/03\/2-c-Stadt-Wolfenbuettel-Jugendgaestehaus.jpg.webp')\">\n              \n              <a href=\"https:\/\/9staedte.de\/da\/tilbud-og-tjenester-i-lessingbyen-wolfenbuttel\/\">\n                <span>Tilbud og tjenester i Lessingbyen Wolfenb\u00fcttel<\/span>\n              <\/a>\n            <\/div>\n          <\/div>\n    \n          \n                  \n                    \n          <div class=\"featured-themen-single\">\n            <div class=\"featured-themen-single-inner\" style=\"background-image: url('https:\/\/9staedte.de\/wp-content\/smush-webp\/2023\/06\/Schloss_Christian_Bierwagen.jpg.webp')\">\n              \n              <a href=\"https:\/\/9staedte.de\/da\/kontaktlessing-by-wolfenbuttel\/\">\n                <span>Kontakt:<br>Lessing by Wolfenb\u00fcttel<\/span>\n              <\/a>\n            <\/div>\n          <\/div>\n    \n          \n                          \n        <\/div>\n<\/div>\n\n\n<p><\/p>\n","protected":false},"excerpt":{"rendered":"<p>Konferencer og kongresser i Wolfenb\u00fcttel:&nbsp; Det rigtige sted med en behagelig atmosf\u00e6re spiller en meget vigtig rolle for en konferences eller kongres&#8217; succes. Wolfenb\u00fcttel tilbyder dig ikke kun klassiske konferencelokaler, men ogs\u00e5 us\u00e6dvanlige beliggenheder. Uanset om det er for 10 eller 800 personer, er dit konferencearrangement i de bedste h\u00e6nder hos os. Vores lokationer ligger [&hellip;]<\/p>\n","protected":false},"author":1,"featured_media":12067,"parent":12700,"menu_order":0,"comment_status":"closed","ping_status":"closed","template":"pagetemplates\/template-stadtthema.php","meta":{"_acf_changed":false,"footnotes":""},"categories":[],"tags":[],"ncap_cities_tax":[1176,469],"class_list":["post-12195","page","type-page","status-publish","has-post-thumbnail","hentry","ncap_cities_tax-tagungen-und-kongresse-wolfenbuettel-da-wolfenbuettel-da","ncap_cities_tax-wolfenbuettel-da"],"acf":[],"yoast_head":"<!-- This site is optimized with the Yoast SEO plugin v27.4 - https:\/\/yoast.com\/product\/yoast-seo-wordpress\/ -->\n<title>Konferencer og kongresser i Wolfenb\u00fcttel - 9 St\u00e4dte in Niedersachsen<\/title>\n<meta name=\"robots\" content=\"index, follow, max-snippet:-1, max-image-preview:large, max-video-preview:-1\" \/>\n<link rel=\"canonical\" href=\"https:\/\/9staedte.de\/da\/wolfenbuettel-lessings-by\/konferencer-og-kongresser-i-wolfenbuettel\/\" \/>\n<meta property=\"og:locale\" content=\"da_DK\" \/>\n<meta property=\"og:type\" content=\"article\" \/>\n<meta property=\"og:title\" content=\"Konferencer og kongresser i Wolfenb\u00fcttel - 9 St\u00e4dte in Niedersachsen\" \/>\n<meta property=\"og:description\" content=\"Konferencer og kongresser i Wolfenb\u00fcttel:&nbsp; Det rigtige sted med en behagelig atmosf\u00e6re spiller en meget vigtig rolle for en konferences eller kongres&#8217; succes. Wolfenb\u00fcttel tilbyder dig ikke kun klassiske konferencelokaler, men ogs\u00e5 us\u00e6dvanlige beliggenheder. Uanset om det er for 10 eller 800 personer, er dit konferencearrangement i de bedste h\u00e6nder hos os. Vores lokationer ligger [&hellip;]\" \/>\n<meta property=\"og:url\" content=\"https:\/\/9staedte.de\/da\/wolfenbuettel-lessings-by\/konferencer-og-kongresser-i-wolfenbuettel\/\" \/>\n<meta property=\"og:site_name\" content=\"9 St\u00e4dte in Niedersachsen\" \/>\n<meta property=\"article:modified_time\" content=\"2023-10-25T13:47:08+00:00\" \/>\n<meta property=\"og:image\" content=\"https:\/\/9staedte.de\/wp-content\/uploads\/2023\/03\/Wolfenbuettel-c-Susanne-Huebner.jpg\" \/>\n\t<meta property=\"og:image:width\" content=\"1020\" \/>\n\t<meta property=\"og:image:height\" content=\"561\" \/>\n\t<meta property=\"og:image:type\" content=\"image\/jpeg\" \/>\n<meta name=\"twitter:card\" content=\"summary_large_image\" \/>\n<meta name=\"twitter:label1\" content=\"Estimeret l\u00e6setid\" \/>\n\t<meta name=\"twitter:data1\" content=\"1 minut\" \/>\n<script type=\"application\/ld+json\" class=\"yoast-schema-graph\">{\"@context\":\"https:\\\/\\\/schema.org\",\"@graph\":[{\"@type\":\"WebPage\",\"@id\":\"https:\\\/\\\/9staedte.de\\\/da\\\/wolfenbuettel-lessings-by\\\/konferencer-og-kongresser-i-wolfenbuettel\\\/\",\"url\":\"https:\\\/\\\/9staedte.de\\\/da\\\/wolfenbuettel-lessings-by\\\/konferencer-og-kongresser-i-wolfenbuettel\\\/\",\"name\":\"Konferencer og kongresser i Wolfenb\u00fcttel - 9 St\u00e4dte in Niedersachsen\",\"isPartOf\":{\"@id\":\"https:\\\/\\\/9staedte.de\\\/da\\\/#website\"},\"primaryImageOfPage\":{\"@id\":\"https:\\\/\\\/9staedte.de\\\/da\\\/wolfenbuettel-lessings-by\\\/konferencer-og-kongresser-i-wolfenbuettel\\\/#primaryimage\"},\"image\":{\"@id\":\"https:\\\/\\\/9staedte.de\\\/da\\\/wolfenbuettel-lessings-by\\\/konferencer-og-kongresser-i-wolfenbuettel\\\/#primaryimage\"},\"thumbnailUrl\":\"https:\\\/\\\/9staedte.de\\\/wp-content\\\/uploads\\\/2023\\\/03\\\/Wolfenbuettel-c-Susanne-Huebner.jpg\",\"datePublished\":\"2023-10-25T10:29:24+00:00\",\"dateModified\":\"2023-10-25T13:47:08+00:00\",\"breadcrumb\":{\"@id\":\"https:\\\/\\\/9staedte.de\\\/da\\\/wolfenbuettel-lessings-by\\\/konferencer-og-kongresser-i-wolfenbuettel\\\/#breadcrumb\"},\"inLanguage\":\"da-DK\",\"potentialAction\":[{\"@type\":\"ReadAction\",\"target\":[\"https:\\\/\\\/9staedte.de\\\/da\\\/wolfenbuettel-lessings-by\\\/konferencer-og-kongresser-i-wolfenbuettel\\\/\"]}]},{\"@type\":\"ImageObject\",\"inLanguage\":\"da-DK\",\"@id\":\"https:\\\/\\\/9staedte.de\\\/da\\\/wolfenbuettel-lessings-by\\\/konferencer-og-kongresser-i-wolfenbuettel\\\/#primaryimage\",\"url\":\"https:\\\/\\\/9staedte.de\\\/wp-content\\\/uploads\\\/2023\\\/03\\\/Wolfenbuettel-c-Susanne-Huebner.jpg\",\"contentUrl\":\"https:\\\/\\\/9staedte.de\\\/wp-content\\\/uploads\\\/2023\\\/03\\\/Wolfenbuettel-c-Susanne-Huebner.jpg\",\"width\":1020,\"height\":561,\"caption\":\"Wolfenb\u00fcttel (c) Susanne H\u00fcbner\"},{\"@type\":\"BreadcrumbList\",\"@id\":\"https:\\\/\\\/9staedte.de\\\/da\\\/wolfenbuettel-lessings-by\\\/konferencer-og-kongresser-i-wolfenbuettel\\\/#breadcrumb\",\"itemListElement\":[{\"@type\":\"ListItem\",\"position\":1,\"name\":\"Startseite\",\"item\":\"https:\\\/\\\/9staedte.de\\\/da\\\/hjem-9-byer-2-i-niedersachsen\\\/\"},{\"@type\":\"ListItem\",\"position\":2,\"name\":\"Wolfenb\u00fcttel &#8211; Lessings by\",\"item\":\"https:\\\/\\\/9staedte.de\\\/da\\\/wolfenbuettel-lessings-by\\\/\"},{\"@type\":\"ListItem\",\"position\":3,\"name\":\"Konferencer og kongresser i Wolfenb\u00fcttel\"}]},{\"@type\":\"WebSite\",\"@id\":\"https:\\\/\\\/9staedte.de\\\/da\\\/#website\",\"url\":\"https:\\\/\\\/9staedte.de\\\/da\\\/\",\"name\":\"9 St\u00e4dte in Niedersachsen\",\"description\":\"\",\"publisher\":{\"@id\":\"https:\\\/\\\/9staedte.de\\\/da\\\/#organization\"},\"potentialAction\":[{\"@type\":\"SearchAction\",\"target\":{\"@type\":\"EntryPoint\",\"urlTemplate\":\"https:\\\/\\\/9staedte.de\\\/da\\\/?s={search_term_string}\"},\"query-input\":{\"@type\":\"PropertyValueSpecification\",\"valueRequired\":true,\"valueName\":\"search_term_string\"}}],\"inLanguage\":\"da-DK\"},{\"@type\":\"Organization\",\"@id\":\"https:\\\/\\\/9staedte.de\\\/da\\\/#organization\",\"name\":\"9 St\u00e4dte in Niedersachsen\",\"url\":\"https:\\\/\\\/9staedte.de\\\/da\\\/\",\"logo\":{\"@type\":\"ImageObject\",\"inLanguage\":\"da-DK\",\"@id\":\"https:\\\/\\\/9staedte.de\\\/da\\\/#\\\/schema\\\/logo\\\/image\\\/\",\"url\":\"https:\\\/\\\/9staedte.de\\\/wp-content\\\/uploads\\\/2025\\\/01\\\/9-neg-deutsch-2-1.png\",\"contentUrl\":\"https:\\\/\\\/9staedte.de\\\/wp-content\\\/uploads\\\/2025\\\/01\\\/9-neg-deutsch-2-1.png\",\"width\":190,\"height\":114,\"caption\":\"9 St\u00e4dte in Niedersachsen\"},\"image\":{\"@id\":\"https:\\\/\\\/9staedte.de\\\/da\\\/#\\\/schema\\\/logo\\\/image\\\/\"}}]}<\/script>\n<!-- \/ Yoast SEO plugin. -->","yoast_head_json":{"title":"Konferencer og kongresser i Wolfenb\u00fcttel - 9 St\u00e4dte in Niedersachsen","robots":{"index":"index","follow":"follow","max-snippet":"max-snippet:-1","max-image-preview":"max-image-preview:large","max-video-preview":"max-video-preview:-1"},"canonical":"https:\/\/9staedte.de\/da\/wolfenbuettel-lessings-by\/konferencer-og-kongresser-i-wolfenbuettel\/","og_locale":"da_DK","og_type":"article","og_title":"Konferencer og kongresser i Wolfenb\u00fcttel - 9 St\u00e4dte in Niedersachsen","og_description":"Konferencer og kongresser i Wolfenb\u00fcttel:&nbsp; Det rigtige sted med en behagelig atmosf\u00e6re spiller en meget vigtig rolle for en konferences eller kongres&#8217; succes. Wolfenb\u00fcttel tilbyder dig ikke kun klassiske konferencelokaler, men ogs\u00e5 us\u00e6dvanlige beliggenheder. Uanset om det er for 10 eller 800 personer, er dit konferencearrangement i de bedste h\u00e6nder hos os. Vores lokationer ligger [&hellip;]","og_url":"https:\/\/9staedte.de\/da\/wolfenbuettel-lessings-by\/konferencer-og-kongresser-i-wolfenbuettel\/","og_site_name":"9 St\u00e4dte in Niedersachsen","article_modified_time":"2023-10-25T13:47:08+00:00","og_image":[{"width":1020,"height":561,"url":"https:\/\/9staedte.de\/wp-content\/uploads\/2023\/03\/Wolfenbuettel-c-Susanne-Huebner.jpg","type":"image\/jpeg"}],"twitter_card":"summary_large_image","twitter_misc":{"Estimeret l\u00e6setid":"1 minut"},"schema":{"@context":"https:\/\/schema.org","@graph":[{"@type":"WebPage","@id":"https:\/\/9staedte.de\/da\/wolfenbuettel-lessings-by\/konferencer-og-kongresser-i-wolfenbuettel\/","url":"https:\/\/9staedte.de\/da\/wolfenbuettel-lessings-by\/konferencer-og-kongresser-i-wolfenbuettel\/","name":"Konferencer og kongresser i Wolfenb\u00fcttel - 9 St\u00e4dte in Niedersachsen","isPartOf":{"@id":"https:\/\/9staedte.de\/da\/#website"},"primaryImageOfPage":{"@id":"https:\/\/9staedte.de\/da\/wolfenbuettel-lessings-by\/konferencer-og-kongresser-i-wolfenbuettel\/#primaryimage"},"image":{"@id":"https:\/\/9staedte.de\/da\/wolfenbuettel-lessings-by\/konferencer-og-kongresser-i-wolfenbuettel\/#primaryimage"},"thumbnailUrl":"https:\/\/9staedte.de\/wp-content\/uploads\/2023\/03\/Wolfenbuettel-c-Susanne-Huebner.jpg","datePublished":"2023-10-25T10:29:24+00:00","dateModified":"2023-10-25T13:47:08+00:00","breadcrumb":{"@id":"https:\/\/9staedte.de\/da\/wolfenbuettel-lessings-by\/konferencer-og-kongresser-i-wolfenbuettel\/#breadcrumb"},"inLanguage":"da-DK","potentialAction":[{"@type":"ReadAction","target":["https:\/\/9staedte.de\/da\/wolfenbuettel-lessings-by\/konferencer-og-kongresser-i-wolfenbuettel\/"]}]},{"@type":"ImageObject","inLanguage":"da-DK","@id":"https:\/\/9staedte.de\/da\/wolfenbuettel-lessings-by\/konferencer-og-kongresser-i-wolfenbuettel\/#primaryimage","url":"https:\/\/9staedte.de\/wp-content\/uploads\/2023\/03\/Wolfenbuettel-c-Susanne-Huebner.jpg","contentUrl":"https:\/\/9staedte.de\/wp-content\/uploads\/2023\/03\/Wolfenbuettel-c-Susanne-Huebner.jpg","width":1020,"height":561,"caption":"Wolfenb\u00fcttel (c) Susanne H\u00fcbner"},{"@type":"BreadcrumbList","@id":"https:\/\/9staedte.de\/da\/wolfenbuettel-lessings-by\/konferencer-og-kongresser-i-wolfenbuettel\/#breadcrumb","itemListElement":[{"@type":"ListItem","position":1,"name":"Startseite","item":"https:\/\/9staedte.de\/da\/hjem-9-byer-2-i-niedersachsen\/"},{"@type":"ListItem","position":2,"name":"Wolfenb\u00fcttel &#8211; Lessings by","item":"https:\/\/9staedte.de\/da\/wolfenbuettel-lessings-by\/"},{"@type":"ListItem","position":3,"name":"Konferencer og kongresser i Wolfenb\u00fcttel"}]},{"@type":"WebSite","@id":"https:\/\/9staedte.de\/da\/#website","url":"https:\/\/9staedte.de\/da\/","name":"9 St\u00e4dte in Niedersachsen","description":"","publisher":{"@id":"https:\/\/9staedte.de\/da\/#organization"},"potentialAction":[{"@type":"SearchAction","target":{"@type":"EntryPoint","urlTemplate":"https:\/\/9staedte.de\/da\/?s={search_term_string}"},"query-input":{"@type":"PropertyValueSpecification","valueRequired":true,"valueName":"search_term_string"}}],"inLanguage":"da-DK"},{"@type":"Organization","@id":"https:\/\/9staedte.de\/da\/#organization","name":"9 St\u00e4dte in Niedersachsen","url":"https:\/\/9staedte.de\/da\/","logo":{"@type":"ImageObject","inLanguage":"da-DK","@id":"https:\/\/9staedte.de\/da\/#\/schema\/logo\/image\/","url":"https:\/\/9staedte.de\/wp-content\/uploads\/2025\/01\/9-neg-deutsch-2-1.png","contentUrl":"https:\/\/9staedte.de\/wp-content\/uploads\/2025\/01\/9-neg-deutsch-2-1.png","width":190,"height":114,"caption":"9 St\u00e4dte in Niedersachsen"},"image":{"@id":"https:\/\/9staedte.de\/da\/#\/schema\/logo\/image\/"}}]}},"_links":{"self":[{"href":"https:\/\/9staedte.de\/da\/wp-json\/wp\/v2\/pages\/12195","targetHints":{"allow":["GET"]}}],"collection":[{"href":"https:\/\/9staedte.de\/da\/wp-json\/wp\/v2\/pages"}],"about":[{"href":"https:\/\/9staedte.de\/da\/wp-json\/wp\/v2\/types\/page"}],"author":[{"embeddable":true,"href":"https:\/\/9staedte.de\/da\/wp-json\/wp\/v2\/users\/1"}],"replies":[{"embeddable":true,"href":"https:\/\/9staedte.de\/da\/wp-json\/wp\/v2\/comments?post=12195"}],"version-history":[{"count":1,"href":"https:\/\/9staedte.de\/da\/wp-json\/wp\/v2\/pages\/12195\/revisions"}],"predecessor-version":[{"id":12201,"href":"https:\/\/9staedte.de\/da\/wp-json\/wp\/v2\/pages\/12195\/revisions\/12201"}],"up":[{"embeddable":true,"href":"https:\/\/9staedte.de\/da\/wp-json\/wp\/v2\/pages\/12700"}],"wp:featuredmedia":[{"embeddable":true,"href":"https:\/\/9staedte.de\/da\/wp-json\/wp\/v2\/media\/12067"}],"wp:attachment":[{"href":"https:\/\/9staedte.de\/da\/wp-json\/wp\/v2\/media?parent=12195"}],"wp:term":[{"taxonomy":"category","embeddable":true,"href":"https:\/\/9staedte.de\/da\/wp-json\/wp\/v2\/categories?post=12195"},{"taxonomy":"post_tag","embeddable":true,"href":"https:\/\/9staedte.de\/da\/wp-json\/wp\/v2\/tags?post=12195"},{"taxonomy":"ncap_cities_tax","embeddable":true,"href":"https:\/\/9staedte.de\/da\/wp-json\/wp\/v2\/ncap_cities_tax?post=12195"}],"curies":[{"name":"wp","href":"https:\/\/api.w.org\/{rel}","templated":true}]}}